{"id":995,"date":"2013-09-08T14:39:34","date_gmt":"2013-09-08T14:39:34","guid":{"rendered":"http:\/\/test.wbs-itzehoe.de\/?page_id=995"},"modified":"2024-08-30T06:20:16","modified_gmt":"2024-08-30T04:20:16","slug":"sozialpaedagogische-betreuung","status":"publish","type":"page","link":"https:\/\/wbs-itzehoe.de\/?page_id=995","title":{"rendered":"Schulsozialarbeiterin"},"content":{"rendered":"<p><strong>Die Schulsozialarbeit an der Wolfgang-Borchert-Schule<\/strong><\/p>\n<p>Liebe Sch\u00fclerinnen und Sch\u00fcler, liebe Eltern und Lehrkr\u00e4fte,<\/p>\n<p>Seit Januar 2019 habe ich, Noura Scheller -Sozialp\u00e4dagogin- das Amt der Schulsozialarbeit an der Wolfgang-Borchert- Schule inne.<\/p>\n<p>Als eine Kooperation von Jugendhilfe und Schule versteht sich die Schulsozialarbeit als Netzwerkpartner in der Itzehoer Bildungslandschaft und verbindet Jugendarbeit mit Schule. Dabei sind das Herstellen von Chancengleichheit und der Abbau von Bildungshemmnissen wichtige Aspekte der schulischen Arbeit, damit jeder seine St\u00e4rken einbringen und seine (Bildungs-)Ziele erreichen kann.<\/p>\n<p>In meiner Funktion als Schulsozialarbeiterin bin ich Ansprechpartnerin in jeder Lebenssituation! F\u00fcr jede und jeden an der WBS und um die WBS herum. Sch\u00fclerinnen und Sch\u00fcler, Eltern\/Erziehungsberechtigte, Lehrerinnen und Lehrer d\u00fcrfen sich gerne mit Fragen, W\u00fcnschen und Anregungen vertrauensvoll an mich wenden.<\/p>\n<p><strong>Unterst\u00fctzungsangebote f\u00fcr die Sch\u00fclerschaft<\/strong><\/p>\n<ul>\n<li>Beratung, Begleitung und F\u00f6rderung einzelner Sch\u00fclerinnen und Sch\u00fclern bei pers\u00f6nlichen, sozialen oder schulischen Schwierigkeiten.<\/li>\n<li>Unterst\u00fctzung bei der Pers\u00f6nlichkeitsentwicklung.<\/li>\n<li>Vermittlung\/Mediation bei Konflikten mit Mitsch\u00fclern, mit Lehrkr\u00e4ften und mit Eltern \/Erziehungsberechtigten.<\/li>\n<li>Kleingruppenarbeit zur F\u00f6rderung des Sozial und-Lernverhaltens.<\/li>\n<\/ul>\n<p>Grundprinzip dabei ist die Freiwilligkeit der Zusammenarbeit und die Vertraulichkeit (Schweigepflicht).<strong>\u00a0<\/strong><\/p>\n<p><strong>Unterst\u00fctzungsangebote f\u00fcr die Eltern\/Erziehungsberechtigte<\/strong><\/p>\n<ul>\n<li>Beratung in Erziehungs-und Lebensfragen<\/li>\n<li>Vermittlung\/Mediation Bei Konflikten mit Lehrkr\u00e4ften und auch mit den eigenen Kindern.<\/li>\n<li>Nach Bedarf auch Vermittlung zu au\u00dferschulischen Einrichtungen und Institutionen.<\/li>\n<\/ul>\n<p>Grundprinzip dabei ist die Freiwilligkeit der Zusammenarbeit und die Vertraulichkeit (Schweigepflicht).<\/p>\n<p><strong>Unterst\u00fctzungsangebote f\u00fcr die Lehrkr\u00e4fte<\/strong><\/p>\n<ul>\n<li>Vermittlung zwischen Lehrkr\u00e4ften, Sch\u00fclerInnen und Eltern\/Erziehungsberechtigten.<\/li>\n<li>Unterst\u00fctzung bei Elterngespr\u00e4chen.<\/li>\n<li>Teilnahme an p\u00e4dagogischen Konferenzen und Klassenkonferenzen.<\/li>\n<li>Unterst\u00fctzung bei Klassenkonflikten oder akuten Krisensituationen in Schulklassen und Konflikten in der Klassengemeinschaft.<\/li>\n<li>Pr\u00e4ventionsangebote zu verschiedenen Themen, z.B. Mobbing und Sucht<\/li>\n<li>Angebote zur St\u00e4rkung der Klassengemeinschaft und Pers\u00f6nlichkeitsentwicklung, z.B. Sozialtraining mit den 5. Klassen.<\/li>\n<li>zur Verbesserung pers\u00f6nlicher und sozialer Kompetenzen, z.B. zur \u00dcberwindung von Entwicklungsschwierigkeiten oder Verhaltensauff\u00e4lligkeiten.<\/li>\n<\/ul>\n<p>Grundprinzip dabei ist die Freiwilligkeit der Zusammenarbeit und die Vertraulichkeit (Schweigepflicht).<\/p>\n<p><span style=\"color: #ff0000;\"><strong><span style=\"color: #ff0000;\">Die Inanspruchnahme der Schulsozialarbeit ist kostenfrei!<\/span><\/strong><\/span><\/p>\n<p><strong>Kontakt:<\/strong><\/p>\n<p>Noura Scheller, Sozialp\u00e4dagogin<\/p>\n<p><strong>Raum: <\/strong>E1. 54<\/p>\n<p><strong>E-Mail: <\/strong><a href=\"mailto:noura.scheller@itzehoe.de\">noura.scheller@itzehoe.d<\/a><a href=\"mailto:noura.scheller@itzehoe.de\"><strong>e<\/strong><\/a><\/p>\n<p><strong>Tel.: 0162-2309610 (auch \u00fcber WhatsApp)<\/strong><\/p>\n<p><strong>\u00a0<\/strong><\/p>\n<p><strong>Sprechzeiten: Mo. \u2013 Do. von 8:30 bis 13:00 Uhr (Abweichungen sind m\u00f6glich)<\/strong><\/p>\n<p><strong>\u00a0\u00a0\u00a0\u00a0\u00a0 \u00a0\u00a0\u00a0\u00a0\u00a0\u00a0\u00a0\u00a0\u00a0\u00a0\u00a0\u00a0\u00a0\u00a0\u00a0\u00a0\u00a0\u00a0\u00a0\u00a0\u00a0\u00a0\u00a0\u00a0\u00a0\u00a0\u00a0\u00a0\u00a0Fr.\u00a0 von 8:30 bis 12:30 Uhr (Abweichungen sind m\u00f6glich)<\/strong><\/p>\n<p><strong>Termine au\u00dferhalb der Schule und zu anderen Tageszeiten sind ebenfalls m\u00f6glich.<\/strong><\/p>\n<p><strong>\u00a0<\/strong><\/p>\n<p>Stadt Itzehoe \u2013 Amt f\u00fcr Bildung \u2013 Kinder- und Jugendb\u00fcro<\/p>\n<p>&nbsp;<\/p>\n","protected":false},"excerpt":{"rendered":"<p>Die Schulsozialarbeit an der Wolfgang-Borchert-Schule Liebe Sch\u00fclerinnen und Sch\u00fcler, liebe Eltern und Lehrkr\u00e4fte, Seit Januar 2019 habe ich, Noura Scheller -Sozialp\u00e4dagogin- das Amt der Schulsozialarbeit an der Wolfgang-Borchert- Schule inne. Als eine Kooperation von Jugendhilfe und Schule versteht sich die &hellip; <a href=\"https:\/\/wbs-itzehoe.de\/?page_id=995\">Weiterlesen <span class=\"meta-nav\">&rarr;<\/span><\/a><\/p>\n","protected":false},"author":1,"featured_media":0,"parent":869,"menu_order":8,"comment_status":"closed","ping_status":"closed","template":"","meta":{"footnotes":""},"class_list":["post-995","page","type-page","status-publish","hentry"],"_links":{"self":[{"href":"https:\/\/wbs-itzehoe.de\/index.php?rest_route=\/wp\/v2\/pages\/995","targetHints":{"allow":["GET"]}}],"collection":[{"href":"https:\/\/wbs-itzehoe.de\/index.php?rest_route=\/wp\/v2\/pages"}],"about":[{"href":"https:\/\/wbs-itzehoe.de\/index.php?rest_route=\/wp\/v2\/types\/page"}],"author":[{"embeddable":true,"href":"https:\/\/wbs-itzehoe.de\/index.php?rest_route=\/wp\/v2\/users\/1"}],"replies":[{"embeddable":true,"href":"https:\/\/wbs-itzehoe.de\/index.php?rest_route=%2Fwp%2Fv2%2Fcomments&post=995"}],"version-history":[{"count":33,"href":"https:\/\/wbs-itzehoe.de\/index.php?rest_route=\/wp\/v2\/pages\/995\/revisions"}],"predecessor-version":[{"id":9602,"href":"https:\/\/wbs-itzehoe.de\/index.php?rest_route=\/wp\/v2\/pages\/995\/revisions\/9602"}],"up":[{"embeddable":true,"href":"https:\/\/wbs-itzehoe.de\/index.php?rest_route=\/wp\/v2\/pages\/869"}],"wp:attachment":[{"href":"https:\/\/wbs-itzehoe.de\/index.php?rest_route=%2Fwp%2Fv2%2Fmedia&parent=995"}],"curies":[{"name":"wp","href":"https:\/\/api.w.org\/{rel}","templated":true}]}}